{"id":10,"date":"2025-02-05T17:57:49","date_gmt":"2025-02-05T17:57:49","guid":{"rendered":"https:\/\/drammenkulturrad.no\/wordpress\/?page_id=10"},"modified":"2025-03-26T12:47:39","modified_gmt":"2025-03-26T12:47:39","slug":"vedtekter","status":"publish","type":"page","link":"https:\/\/drammenkulturrad.no\/wordpress\/vedtekter\/","title":{"rendered":"Vedtekter"},"content":{"rendered":"\n<div class=\"wp-block-group alignfull has-base-2-background-color has-background has-global-padding is-layout-constrained wp-container-core-group-is-layout-669513ed wp-block-group-is-layout-constrained\" style=\"margin-top:0;margin-bottom:0;padding-top:var(--wp--preset--spacing--50);padding-right:var(--wp--preset--spacing--50);padding-bottom:var(--wp--preset--spacing--50);padding-left:var(--wp--preset--spacing--50)\">\n<div class=\"wp-block-columns alignwide is-layout-flex wp-container-core-columns-is-layout-d0bbbce0 wp-block-columns-is-layout-flex\">\n<div class=\"wp-block-column is-layout-flow wp-container-core-column-is-layout-e3d1c41b wp-block-column-is-layout-flow\">\n<h3 class=\"wp-block-heading has-text-align-left is-style-asterisk has-body-font-family has-medium-font-size\" style=\"font-style:normal;font-weight:600\">\u00a7 1 Form\u00e5l<br><\/h3>\n\n\n\n<p class=\"has-text-align-left\">Drammen kulturr\u00e5d er en<br>interesseorganisasjon for kulturlivet i<br>Drammen kommune.<br>Med kulturlivet menes all kulturaktivitet innen<br>alle kunstneriske sjangre som ut\u00f8ves og<br>formidles av personer og organisatoriske<br>sammenslutninger i kommunen. Akt\u00f8rene<br>favner b\u00e5de profesjonelle og amat\u00f8rer.<br>Idretten er unntatt, den sorterer under<br>Drammen idrettsr\u00e5d.<br>Drammen kulturr\u00e5d skal:<\/p>\n\n\n\n<ul class=\"wp-block-list\">\n<li>v\u00e6re et organ for samordning p\u00e5 tvers av<br>kultursjangre.<\/li>\n<\/ul>\n\n\n\n<ul class=\"wp-block-list\">\n<li>arbeide for kulturlivets og<br>kulturorganisasjonenes utvikling og<br>rammebetingelser i Drammen kommune<\/li>\n<\/ul>\n\n\n\n<ul class=\"wp-block-list\">\n<li>representere kulturlivet i Drammen overfor<br>kommune- og fylkesadministrasjon og<br>politiske myndigheter<\/li>\n<\/ul>\n<\/div>\n\n\n\n<div class=\"wp-block-column is-layout-flow wp-container-core-column-is-layout-e3d1c41b wp-block-column-is-layout-flow\">\n<h3 class=\"wp-block-heading has-text-align-left is-style-asterisk has-body-font-family has-medium-font-size\" style=\"font-style:normal;font-weight:600\">\u00a7 2 Organisatorisk tilknytning<\/h3>\n\n\n\n<p class=\"has-text-align-left\">Drammen kulturr\u00e5d er en frittst\u00e5ende<br>interesseorganisasjon uten binding til andre<br>organisasjoner. Drammen kulturr\u00e5d er<br>partipolitisk n\u00f8ytralt.<\/p>\n\n\n\n<p class=\"has-text-align-left\"><\/p>\n<\/div>\n\n\n\n<div class=\"wp-block-column is-layout-flow wp-container-core-column-is-layout-e3d1c41b wp-block-column-is-layout-flow\">\n<h3 class=\"wp-block-heading has-text-align-left is-style-asterisk has-body-font-family has-medium-font-size\" style=\"font-style:normal;font-weight:600\">\u00a7 3 Medlemmer<\/h3>\n\n\n\n<p class=\"has-text-align-left\">Medlemskap i Drammen kulturr\u00e5d er \u00e5pent<br>for alle innenfor kulturlivet i Drammen<br>kommune<\/p>\n\n\n\n<ul class=\"wp-block-list\">\n<li>Kategori 1: lag og foreninger<br><\/li>\n\n\n\n<li>Kategori 2: profesjonelle og ideelle<br>kulturinstitusjoner (tidl.<br>organisasjoner)<br><\/li>\n\n\n\n<li>Kategori 3: individuelle akt\u00f8rer :<br>\u25cb Enkeltpersonforetak<br>kulturn\u00e6ring etc, musikere,<br>billedkunstnere<br>\u25cb assosiert medlemmer \/<br>st\u00f8ttemedlemmer<\/li>\n<\/ul>\n\n\n\n<p class=\"has-text-align-left\">S\u00f8knad om medlemskap avgj\u00f8res av styret<br>eller daglig leder.<br>Utmeldelse av Drammen kulturr\u00e5d gj\u00f8res<br>skriftlig til styret eller daglig leder. Utmeldelse<br>skjer umiddelbart. Utmeldelse fritar ikke for<br>kontingent i det \u00e5ret man melder seg ut.<\/p>\n<\/div>\n<\/div>\n\n\n\n<div style=\"height:var(--wp--preset--spacing--20)\" aria-hidden=\"true\" class=\"wp-block-spacer\"><\/div>\n\n\n\n<div class=\"wp-block-columns alignwide is-layout-flex wp-container-core-columns-is-layout-d0bbbce0 wp-block-columns-is-layout-flex\">\n<div class=\"wp-block-column is-layout-flow wp-container-core-column-is-layout-e3d1c41b wp-block-column-is-layout-flow\">\n<h3 class=\"wp-block-heading has-text-align-left is-style-asterisk has-body-font-family has-medium-font-size\" style=\"font-style:normal;font-weight:600\">\u00a7 4 Stemmerett og valgbarhet<br><\/h3>\n\n\n\n<p class=\"has-text-align-left\">Alle medlemmer pr. 31.12 \u00e5ret f\u00f8r \u00e5rsm\u00f8te<br>har stemmerett p\u00e5 \u00e5rsm\u00f8tet.<br>Det stilles ikke krav om at styremedlemmer er<br>medlemmer i Drammen<br>kulturr\u00e5d. Styremedlemmer som ikke er<br>medlemmer i Drammen kulturr\u00e5d og<br>valgkomiteens kandidater til styreverv kan<br>v\u00e6re observat\u00f8rer p\u00e5 \u00e5rsm\u00f8tet.<br><\/p>\n\n\n\n<p class=\"has-text-align-left\">Til \u00a7 4.1 Stemmerettigheter p\u00e5 \u00e5rsm\u00f8tet<br><\/p>\n\n\n\n<ul class=\"wp-block-list\">\n<li><strong>Kategori 1<\/strong>: P\u00e5 \u00e5rsm\u00f8tet har lag\/foreninger<br>f\u00f8lgende stemmegivning:<br>\u00b7 Lag med 1 \u2013 10 medlemmer m\u00f8ter<br>med en stemme.<br>\u00b7 Lag med 11 \u2013 40 medlemmer m\u00f8ter<br>med to stemmer<\/li>\n<\/ul>\n\n\n\n<p>    \u00b7 Lag med 41 \u2013 flere medlemmer<\/p>\n\n\n\n<p>      m\u00f8ter med tre stemmer<br><\/p>\n\n\n\n<ul class=\"wp-block-list\">\n<li><strong>Kategori 2:<\/strong> P\u00e5 \u00e5rsm\u00f8tet har profesjonelle<br>og ideelle kulturinstitusjoner f\u00f8lgende<br>stemmegivning:<br>\u00b7 M\u00f8ter med fem stemmer<br><\/li>\n\n\n\n<li><strong>Kategori 3: <\/strong>Individuelle akt\u00f8rer og<br>assosierte medlemmer har ikke<br>stemmerett<br>Stemmegivning er kun ved oppm\u00f8te,<br>fullmakter kan ikke benyttes.<br>Med mindre annet er bestemt, skal et vedtak<br>for \u00e5 v\u00e6re gyldig v\u00e6re truffet med alminnelig<br>flertall av de avgitte stemmene. Blanke<br>stemmer skal anses som ikke avgitt.<\/li>\n<\/ul>\n<\/div>\n\n\n\n<div class=\"wp-block-column is-layout-flow wp-container-core-column-is-layout-e3d1c41b wp-block-column-is-layout-flow\">\n<h3 class=\"wp-block-heading has-text-align-left is-style-asterisk has-body-font-family has-medium-font-size\" style=\"font-style:normal;font-weight:600\">\u00a7 5 Kontingent<br><\/h3>\n\n\n\n<p class=\"has-text-align-left\">Drammen kulturr\u00e5ds \u00e5rlige kontingent vedtas<br>p\u00e5 \u00e5rsm\u00f8tet. Satsene skal baseres p\u00e5 \u00a73.<\/p>\n\n\n\n<p class=\"has-text-align-left\"><\/p>\n<\/div>\n\n\n\n<div class=\"wp-block-column is-layout-flow wp-container-core-column-is-layout-e3d1c41b wp-block-column-is-layout-flow\">\n<h3 class=\"wp-block-heading has-text-align-left is-style-asterisk has-body-font-family has-medium-font-size\" style=\"font-style:normal;font-weight:600\">\u00a7 6 Tillitsvalgtes godtgj\u00f8relse<br><\/h3>\n\n\n\n<p class=\"has-text-align-left\">Styrets medlemmer eller tillitsvalgte kan<br>motta rimelig honorar for sitt arbeid, samt<br>refusjon for faktiske utgifter. Utgifter til<br>godtgj\u00f8relse og refusjon for faktiske utgifter<br>skal fremg\u00e5 av budsjett og regnskap.<br>Retningslinjer utarbeides av styret og vedtas<br>p\u00e5 kulturr\u00e5dets \u00e5rsm\u00f8te.<\/p>\n\n\n\n<p class=\"has-text-align-left\"><\/p>\n<\/div>\n<\/div>\n<\/div>\n\n\n\n<div class=\"wp-block-group alignfull has-base-2-background-color has-background has-global-padding is-layout-constrained wp-container-core-group-is-layout-669513ed wp-block-group-is-layout-constrained\" style=\"margin-top:0;margin-bottom:0;padding-top:var(--wp--preset--spacing--50);padding-right:var(--wp--preset--spacing--50);padding-bottom:var(--wp--preset--spacing--50);padding-left:var(--wp--preset--spacing--50)\">\n<div style=\"margin-top:0;margin-bottom:0;height:var(--wp--preset--spacing--40)\" aria-hidden=\"true\" class=\"wp-block-spacer\"><\/div>\n\n\n\n<div class=\"wp-block-columns alignwide is-layout-flex wp-container-core-columns-is-layout-d0bbbce0 wp-block-columns-is-layout-flex\">\n<div class=\"wp-block-column is-layout-flow wp-container-core-column-is-layout-e3d1c41b wp-block-column-is-layout-flow\">\n<h3 class=\"wp-block-heading has-text-align-left is-style-asterisk has-body-font-family has-medium-font-size\" style=\"font-style:normal;font-weight:600\">\u00a7 7 \u00c5rsm\u00f8te<br><\/h3>\n\n\n\n<p class=\"has-text-align-left\">\u00c5rsm\u00f8tet er Drammen kulturr\u00e5ds h\u00f8yeste<br>myndighet. \u00c5rsm\u00f8tet avholdes hvert \u00e5r innen<br>slutten av april og innkalles av styret med 2<br>m\u00e5neders varsel til medlemmene. Forslag<br>som skal behandles p\u00e5 \u00e5rsm\u00f8tet skal v\u00e6re<br>sendt til styret senest 4 uker f\u00f8r \u00e5rsm\u00f8tet.<br>Fullstendig saksliste med alle sakspapirer m\u00e5<br>v\u00e6re tilgjengelig for medlemmene senest 10<br>dager f\u00f8r \u00e5rsm\u00f8tet. Alle medlemmer har<br>adgang til \u00e5rsm\u00f8tet. \u00c5rsm\u00f8tet kan invitere andre personer og\/eller media til \u00e5 v\u00e6re til<br>stede.<br>se \u00a74.1 om stemmegivning<\/p>\n\n\n\n<p class=\"has-text-align-left\"><\/p>\n\n\n\n<p class=\"has-text-align-left\"><\/p>\n<\/div>\n\n\n\n<div class=\"wp-block-column is-layout-flow wp-container-core-column-is-layout-e3d1c41b wp-block-column-is-layout-flow\">\n<h3 class=\"wp-block-heading has-text-align-left is-style-asterisk has-body-font-family has-medium-font-size\" style=\"font-style:normal;font-weight:600\">\u00a7 8 \u00c5rsm\u00f8tets oppgaver<\/h3>\n\n\n\n<p class=\"has-text-align-left\"><em>\u00c5rsm\u00f8tet skal:<\/em><\/p>\n\n\n\n<p><em>\u2022 Godkjenne Drammen kulturr\u00e5ds \u00e5rsmelding<\/em><\/p>\n\n\n\n<p><em>\u2022 Godkjenne Drammen kulturr\u00e5ds regnskap i revidert stand<\/em><\/p>\n\n\n\n<p><em>\u2022 Behandle innkomne forslag<\/em><\/p>\n\n\n\n<p><em>\u2022 Behandle styrets forslag til handlingsplan for kommende periode<\/em><\/p>\n\n\n\n<p><em>\u2022 Fastsette eventuelle endringer av kontingent<\/em><\/p>\n\n\n\n<p><em>\u2022 Fastsette styremedlemmenes godtgj\u00f8relse<\/em><\/p>\n\n\n\n<p><em>\u2022 Vedta Drammen kulturr\u00e5ds budsjett<\/em><\/p>\n\n\n\n<p><em>\u2022 Avgi uttalelse til styret eller annet organ<\/em><\/p>\n\n\n\n<p><em>\u2022 Velge:<\/em><\/p>\n\n\n\n<p><em>o Styreleder og<\/em><em> tre<\/em><em> styremedlemmer for to \u00e5r, i \u00e5r med oddetall<\/em><\/p>\n\n\n\n<p><em>o To styremedlemmer for to \u00e5r, i \u00e5r med partall<\/em><\/p>\n\n\n\n<p><em>o Valgkomite best\u00e5ende av tre medlemmer hvor minimum en skal v\u00e6re ny hvert \u00e5r<\/em><\/p>\n\n\n\n<p><em>o Revisor<\/em><\/p>\n<\/div>\n\n\n\n<div class=\"wp-block-column is-layout-flow wp-container-core-column-is-layout-e3d1c41b wp-block-column-is-layout-flow\">\n<h3 class=\"wp-block-heading has-text-align-left is-style-asterisk has-body-font-family has-medium-font-size\" style=\"font-style:normal;font-weight:600\">\u00a7 9 Ekstraordin\u00e6re \u00e5rsm\u00f8ter<br><\/h3>\n\n\n\n<p class=\"has-text-align-left\">Ekstraordin\u00e6re \u00e5rsm\u00f8ter holdes n\u00e5r styret<br>bestemmer det, eller minst en tredjedel av de<br>stemmeberettigede medlemmene krever det.<br>M\u00f8teinnkallelse og vedtak skjer etter samme<br>regler som for ordin\u00e6re \u00e5rsm\u00f8ter.<\/p>\n\n\n\n<p class=\"has-text-align-left\"><\/p>\n<\/div>\n<\/div>\n\n\n\n<div style=\"height:var(--wp--preset--spacing--20)\" aria-hidden=\"true\" class=\"wp-block-spacer\"><\/div>\n\n\n\n<div class=\"wp-block-columns alignwide is-layout-flex wp-container-core-columns-is-layout-d0bbbce0 wp-block-columns-is-layout-flex\">\n<div class=\"wp-block-column is-layout-flow wp-container-core-column-is-layout-e3d1c41b wp-block-column-is-layout-flow\">\n<h3 class=\"wp-block-heading has-text-align-left is-style-asterisk has-body-font-family has-medium-font-size\" style=\"font-style:normal;font-weight:600\">\u00a710 Styret<br><\/h3>\n\n\n\n<p class=\"has-text-align-left\">Drammen kulturr\u00e5ds styre er r\u00e5dets h\u00f8yeste<br>myndighet mellom \u00e5rsm\u00f8tene.<br>Styret skal<\/p>\n\n\n\n<p class=\"has-text-align-left\">Styret kan etablere utvalg<br>Styreleder innkaller til styrem\u00f8ter ved behov.<br>Styret er vedtaksf\u00f8rt n\u00e5r et flertall av styrets<br>medlemmer er til stede.Vedtak fattes med<br>flertall av de avgitte stemmene.<\/p>\n\n\n\n<p>Ivareta Drammen kulturr\u00e5ds interesser og<br>form\u00e5l<\/p>\n\n\n\n<p>Sikre at Drammen kulturr\u00e5d til enhver tid har<br>rett daglig leder<\/p>\n\n\n\n<p>Bidra til Drammen kulturr\u00e5ds utvikling,<br>herunder involverer seg i strategiprosesser<\/p>\n\n\n\n<p>St\u00f8tte og gi korrektiv til daglig leder<\/p>\n\n\n\n<p>F\u00f8re kontroll og tilsyn<\/p>\n\n\n\n<p>Fremme forslag til valgkomite<\/p>\n\n\n\n<p><\/p>\n<\/div>\n\n\n\n<div class=\"wp-block-column is-layout-flow wp-container-core-column-is-layout-e3d1c41b wp-block-column-is-layout-flow\">\n<h3 class=\"wp-block-heading has-text-align-left is-style-asterisk has-body-font-family has-medium-font-size\" style=\"font-style:normal;font-weight:600\">\u00a7 11 Vedtektsendringer<br><\/h3>\n\n\n\n<p class=\"has-text-align-left\">Endringer i disse vedtekter kan bare foretas<br>p\u00e5 ordin\u00e6rt eller ekstraordin\u00e6rt \u00e5rsm\u00f8te etter<br>\u00e5 ha v\u00e6rt p\u00e5 sakslisten, og det kreves 2\/3<br>flertall av de avgitte stemmene.<\/p>\n\n\n\n<p class=\"has-text-align-left\"><\/p>\n<\/div>\n\n\n\n<div class=\"wp-block-column is-layout-flow wp-container-core-column-is-layout-e3d1c41b wp-block-column-is-layout-flow\">\n<h3 class=\"wp-block-heading has-text-align-left is-style-asterisk has-body-font-family has-medium-font-size\" style=\"font-style:normal;font-weight:600\">\u00a7 12 Oppl\u00f8sning<br><\/h3>\n\n\n\n<p class=\"has-text-align-left\">\u00a7 12 kan ikke endres.<br>Oppl\u00f8sning av Drammen kulturr\u00e5d kan bare<br>behandles p\u00e5 ordin\u00e6rt \u00e5rsm\u00f8te.<br>Blir oppl\u00f8sning vedtatt med minst 2\/3 flertall,<br>innkalles ekstraordin\u00e6rt \u00e5rsm\u00f8te 3 m\u00e5neder<br>senere. For at oppl\u00f8sning skal skje m\u00e5<br>vedtaket her gjentas med 2\/3 flertall.<br>Eventuelle midler\/eierandeler skal fordeles i<br>henhold til vedtak fattet p\u00e5 det<br>ekstraordin\u00e6re \u00e5rsm\u00f8te som vedtar den<br>endelige oppl\u00f8sning.<\/p>\n\n\n\n<p class=\"has-text-align-left\"><\/p>\n<\/div>\n<\/div>\n<\/div>\n","protected":false},"excerpt":{"rendered":"<p>\u00a7 1 Form\u00e5l Drammen kulturr\u00e5d er eninteresseorganisasjon for kulturlivet iDrammen kommune.Med kulturlivet menes all kulturaktivitet innenalle kunstneriske sjangre som ut\u00f8ves ogformidles av personer og organisatoriskesammenslutninger i kommunen. Akt\u00f8renefavner b\u00e5de profesjonelle og amat\u00f8rer.Idretten er unntatt, den sorterer underDrammen idrettsr\u00e5d.Drammen kulturr\u00e5d skal: \u00a7 2 Organisatorisk tilknytning Drammen kulturr\u00e5d er en frittst\u00e5endeinteresseorganisasjon uten binding til andreorganisasjoner. Drammen kulturr\u00e5d [&hellip;]<\/p>\n","protected":false},"author":1,"featured_media":0,"parent":0,"menu_order":0,"comment_status":"closed","ping_status":"closed","template":"","meta":{"om_disable_all_campaigns":false,"_monsterinsights_skip_tracking":false,"_monsterinsights_sitenote_active":false,"_monsterinsights_sitenote_note":"","_monsterinsights_sitenote_category":0,"footnotes":""},"class_list":["post-10","page","type-page","status-publish","hentry"],"aioseo_notices":[],"_links":{"self":[{"href":"https:\/\/drammenkulturrad.no\/wordpress\/wp-json\/wp\/v2\/pages\/10","targetHints":{"allow":["GET"]}}],"collection":[{"href":"https:\/\/drammenkulturrad.no\/wordpress\/wp-json\/wp\/v2\/pages"}],"about":[{"href":"https:\/\/drammenkulturrad.no\/wordpress\/wp-json\/wp\/v2\/types\/page"}],"author":[{"embeddable":true,"href":"https:\/\/drammenkulturrad.no\/wordpress\/wp-json\/wp\/v2\/users\/1"}],"replies":[{"embeddable":true,"href":"https:\/\/drammenkulturrad.no\/wordpress\/wp-json\/wp\/v2\/comments?post=10"}],"version-history":[{"count":4,"href":"https:\/\/drammenkulturrad.no\/wordpress\/wp-json\/wp\/v2\/pages\/10\/revisions"}],"predecessor-version":[{"id":905,"href":"https:\/\/drammenkulturrad.no\/wordpress\/wp-json\/wp\/v2\/pages\/10\/revisions\/905"}],"wp:attachment":[{"href":"https:\/\/drammenkulturrad.no\/wordpress\/wp-json\/wp\/v2\/media?parent=10"}],"curies":[{"name":"wp","href":"https:\/\/api.w.org\/{rel}","templated":true}]}}